{"version":"1.0","provider_name":"hogyan","provider_url":"https:\/\/choix.cafeblog.hu","author_name":"Katalin","author_url":"https:\/\/choix.cafeblog.hu\/author\/p-olah-katalingmail-com\/","title":"Ejnye, Magas-T\u00e1tra!","html":"<p>Mint egy szappanopera.<\/p>\r\n<p>Pedig te nem tehetsz r\u00f3la.<\/p>\r\n<p>Te mindent megtett\u00e9l, h\u00edvt\u00e1l, cs\u00e1b\u00edtott\u00e1l, \u00fczent\u00e9l, akart\u00e1l engem.<\/p>\r\n<p>Nem a te hib\u00e1d.<\/p>\r\n<p>\u00c9n nem akartalak el\u00e9gg\u00e9.<\/p>\r\n<p>Pedig elk\u00e9pzeltem a tal\u00e1lkoz\u00e1sunkat, h\u00e1nyszor is? Sokszor.<\/p>\r\n<p>Mint egy szappanopera.<\/p>\r\n<p>El\u0151sz\u00f6r akartalak,\u00a0 nagyon-nagyon akartalak, azt\u00e1n m\u00e1r csak szerettelek volna, k\u00e9s\u0151bb az Alpok nev\u0171 bar\u00e1todat l\u00e1tva, \u0151szinte leszek, m\u00e1r nem gondoltam r\u00e1d, azt mondtam, hogy az Alpok nekem a minden.<\/p>\r\n<p>A Minden.<\/p>\r\n<p>Egyszer m\u00e9g azt is mondtam az Alpok tavain\u00e1l \u00e1llva, hogy ezek ut\u00e1n mit akarok a Z\u00f6ld-t\u00f3t\u00f3l a Magas-T\u00e1tr\u00e1ban?<\/p>\r\n<p>Igen, ezt is mondtam...\u00e9s nem sz\u00e9gyelltem magam, mert megtagadtalak.<\/p>\r\n<p>Azt\u00e1n el is feledkeztem r\u00f3lad. Egy id\u0151re.\u00a0<\/p>\r\n<p>Mint egy szappanopera.<\/p>\r\n<p>Amikor eszembe jutott\u00e1l, m\u00e1r nem volt er\u0151s a cs\u00e1b\u00edt\u00e1sod. Gondoltam r\u00e1d sokszor, de m\u00e1r nem akartalak minden\u00e1ron.\u00a0<\/p>\r\n<p>Az\u00a0 id\u00e9n ny\u00e1ron nem megy\u00fcnk a Magas-T\u00e1tr\u00e1ba.<\/p>\r\n<p>Ez m\u00e1r t\u00e9nyleg egy szappanopera.<\/p>\r\n<p>&nbsp;<\/p>\r\n<p><img class=\"alignnone size-medium wp-image-1316\" src=\"https:\/\/choix.cafeblog.hu\/files\/2018\/08\/Z\u00f6ld-t\u00f3-300x202.jpg\" alt=\"\" width=\"300\" height=\"202\" \/><\/p>","type":"rich"}