{"version":"1.0","provider_name":"hogyan","provider_url":"https:\/\/choix.cafeblog.hu","author_name":"Katalin","author_url":"https:\/\/choix.cafeblog.hu\/author\/p-olah-katalingmail-com\/","title":"17. \u00c9desap\u00e1m","html":"<p>Ady Endre: Krisztus-kereszt az erd\u0151n<\/p>\r\n<p>Havas Krisztus-kereszt az erd\u0151n,<br \/>Holdas, nagy, t\u00e9li \u00e9jszak\u00e1ban:<br \/>R\u00e9gi eml\u00e9k. Cs\u00f6rg\u0151s sz\u00e1nk\u00f3val<br \/>Valamikor \u00e9n arra j\u00e1rtam<br \/>Holdas, nagy, t\u00e9li \u00e9jszak\u00e1ban.<\/p>\r\n<p>Az ap\u00e1m m\u00e9g vid\u00e1m leg\u00e9ny volt,<br \/>Dalolt, hogyha keresztre n\u00e9zett,<br \/>\u00c9n meg az ap\u00e1m fia voltam,<br \/>Ki unta a faragott k\u00e9pet<br \/>S dalolt, hogyha keresztre n\u00e9zett.<\/p>\r\n<p>K\u00e9t nyakas, magyar k\u00e1lvinista,<br \/>Mik\u00e9nt az Id\u0151, \u00fagy r\u00f6p\u00fclt\u00fcnk,<br \/>Apa, fi\u00fa: egy Igen s egy Nem,<br \/>Egym\u00e1s mellett dalolva \u00fclt\u00fcnk<br \/>S mik\u00e9nt az Id\u0151, \u00fagy r\u00f6p\u00fclt\u00fcnk.<\/p>\r\n<p>H\u00fasz \u00e9ve elmult s gondolatban<br \/>Ott r\u00f6p\u00fcl a sz\u00e1nom az \u00e9jben<br \/>S amit akkor elmulasztottam,<br \/>Megemelem kalapom m\u00e9lyen.<br \/>Ott r\u00f6p\u00fcl a sz\u00e1nom az \u00e9jben.<\/p>\r\n<p>&nbsp;<\/p>\r\n<p>\u00c9desap\u00e1m ma lenne 89 \u00e9ves. \"S amit akkor elmulasztottam, Megemelem kalapom m\u00e9lyen.\"<\/p>","type":"rich"}