{"version":"1.0","provider_name":"hogyan","provider_url":"https:\/\/choix.cafeblog.hu","author_name":"Katalin","author_url":"https:\/\/choix.cafeblog.hu\/author\/p-olah-katalingmail-com\/","title":"Kicsikart M\u00e1traf\u00fcred","html":"<p>A M\u00e1tra-t\u00e9m\u00e1t messzir\u0151l ind\u00edtottam. \u00c9ppen csak elhagytuk Pestet, a nap m\u00e1r lemen\u0151ben volt \u00e9s csod\u00e1s f\u00e9nyeket festett az \u00e9gre.<\/p>\r\n<p>Sz\u00e9p napunk volt\u00a0 a Dunakanyarban, el\u00e9gedetten aut\u00f3zunk hazafel\u00e9. Suhanunk az aut\u00f3p\u00e1ly\u00e1n, alig van forgalom, k\u00e9t \u00f3ra m\u00falva otthon lesz\u00fcnk.<\/p>\r\n<p>Teh\u00e1t idill, minden szempontb\u00f3l.<\/p>\r\n<p>- Sz\u00e9p lehet a M\u00e1tra ilyenkor - kezdtem egy s\u00f3hajt\u00e1ssal.<\/p>\r\n<p>- Biztos az - mondta a f\u00e9rjem \u00e9s \u00e9n fogadni mertem volna, hogy m\u00e1r pontosan tudja, mire megy ki a j\u00e1t\u00e9k.<\/p>\r\n<p>- J\u00f3 lehet a sz\u00fcrk\u00fcletben hallgatni a m\u00e1trai csendet - folytattam -, vagy a szarvasok b\u0151g\u00e9s\u00e9t.<\/p>\r\n<p>- Nincs most id\u0151 arra.\u00a0<\/p>\r\n<p>- Persze, nem is most gondoltam, de a j\u00f6v\u0151 h\u00e9ten elmehetn\u00e9nk.<\/p>\r\n<p>- Nem m\u00e1szok hegyet.<\/p>\r\n<p>- Nem is kell. Felmegy\u00fcnk a m\u00e1traf\u00fcredi kisvas\u00fat v\u00e9g\u00e1llom\u00e1s\u00e1ig \u00e9s k\u00e9sz -, de itt m\u00e1r \u00a0tizenkilencre h\u00faztam a lapot.<\/p>\r\n<p>- Tal\u00e1n. Majd m\u00e1skor.<\/p>\r\n<p>(...)<\/p>\r\n<p>Darabid\u0151 m\u00falt\u00e1n \u00fajra felvettem a fonalat. Ariadn\u00e9 fonal\u00e1t, amir\u0151l mindketten tudtuk, hogy\u00a0 M\u00e1traf\u00fcredig fog vezetni:<\/p>\r\n<p>- Tulajdonk\u00e9ppen jobb lenne most felmenni, ha m\u00e1r \u00e9ppen erre j\u00e1runk.<\/p>\r\n<p>- H\u00e1t nem \"\u00e9ppen erre j\u00e1runk\", tudod, hol van m\u00e9g ide a M\u00e1tra?<\/p>\r\n<p>- De m\u00e1r l\u00e1tom a k\u00e9kesi tornyot.<\/p>\r\n<p>- Azt Tiszaf\u00fcredr\u0151l is l\u00e1thatod. Mire fel\u00e9rn\u00e9nk, lemegy a nap \u00e9s nem fogsz l\u00e1tni a hegyeidb\u0151l semmit.<\/p>\r\n<p>- \u00d3, dehogynem. Mindj\u00e1rt oda is \u00e9rn\u00e9nk.\u00a0Na, csak p\u00e1r perc kit\u00e9r\u0151.<\/p>\r\n<p>- Nem p\u00e1r perc.<\/p>\r\n<p>- K\u00fcl\u00f6nben meg nem is lenne baj, ha bes\u00f6t\u00e9tedne -folytattam egyre lelkesebben-,\u00a0 mert mindig \u00fagy k\u00e9pzeltem, hogy egyszer M\u00e1traf\u00fcreden fogunk \u00e9lni. Legal\u00e1bb most megn\u00e9zn\u00e9nk, milyen az este a hegyek k\u00f6z\u00f6tt.\u00a0<\/p>\r\n<p>- Na, az k\u00e9ne m\u00e9g. Ott lakni. M\u00e1szhatn\u00e1m a hegyet.<\/p>\r\n<p>- J\u00f3, akkor ne menj\u00fcnk most. Pedig annyira adn\u00e1 mag\u00e1t.<\/p>\r\n<p>(...)<\/p>\r\n<p>Darabid\u0151 m\u00falt\u00e1n, amikor el\u00e9rt\u00fck Gy\u00f6ngy\u00f6st \u00e9s let\u00e9rt\u00fcnk az aut\u00f3p\u00e1ly\u00e1r\u00f3l, m\u00e1r bes\u00f6t\u00e9tedett, M\u00e1traf\u00fcreden pedig egyenesen koroms\u00f6t\u00e9t volt. Annyira s\u00f6t\u00e9t volt, hogy a patak hangj\u00e1t csak hallani lehetett, de l\u00e1tni semmit sem. A kis fah\u00eddn\u00e1l gyakorlatilag az orromig sem l\u00e1ttam.<\/p>\r\n<p>\u00c9s akkor m\u00e1r nem is igen akartam.<\/p>\r\n<p>\u00c9s hideg is volt.<\/p>\r\n<p>\u00c9s f\u00e9ltem is.<\/p>\r\n<p>(...)<\/p>\r\n<p>Darabid\u0151 m\u00falva \u00e9n:<\/p>\r\n<p>- Szerintem menj\u00fcnk haza.\u00a0<\/p>\r\n<p>Be\u00fclt\u00fcnk a kocsiba, feltekertem a f\u0171t\u00e9st \u00e9s haz\u00e1ig arr\u00f3l besz\u00e9ltem, hogy meggondoltam magam, m\u00e1r nem akarok a M\u00e1tr\u00e1ban lakni. De ehhez l\u00e1tnom kellett M\u00e1traf\u00fcredet este, s\u00f6t\u00e9tben.<\/p>\r\n<p>Na ugye.<\/p>\r\n<p>&nbsp;<\/p>\r\n<p>&nbsp;<\/p>\r\n<p>&nbsp;<\/p>","type":"rich"}