{"version":"1.0","provider_name":"hogyan","provider_url":"https:\/\/choix.cafeblog.hu","author_name":"Katalin","author_url":"https:\/\/choix.cafeblog.hu\/author\/p-olah-katalingmail-com\/","title":"16. B\u00e1tors\u00e1g","html":"<p><img class=\"alignnone size-medium wp-image-5078\" src=\"https:\/\/choix.cafeblog.hu\/files\/2020\/12\/f\u00e1k-225x300.jpg\" alt=\"\" width=\"225\" height=\"300\" \/><\/p>\r\n<p>Ilyen volt tegnap az erd\u0151, amikor oda\u00e9rtem: sz\u00fcrke, borzongat\u00f3an nyirkos \u00e9s szit\u00e1lt is a k\u00f6d. Majdnem s\u00f6t\u00e9t lett, mire v\u00e9geztem. Egyed\u00fcl voltam, \u00edgy\u00a0 azt\u00e1n k\u00f6zel maradtam a kocsihoz, egy\u00e1ltal\u00e1n nem mer\u00e9szkedtem\u00a0 az erd\u0151 m\u00e9ly\u00e9re. N\u00e9h\u00e1ny hete nem t\u00e1ntor\u00edtott el semmi att\u00f3l, hogy az es\u0151s, alkonyati erd\u0151be bemenjek, de akkor nem voltam egyed\u00fcl. Kett\u0151nk b\u00e1tors\u00e1ga \u00f6sszead\u00f3dott \u00e9s term\u00e9szetes volt, hogy belev\u00e1gtunk.\u00a0<\/p>\r\n<p>Ismerek fut\u00f3kat, akik\u00a0s\u00f6t\u00e9ted\u00e9skor is b\u00e1tran futnak, ak\u00e1r teljesen egyed\u00fcl. \u00c9n ezt b\u00e1tors\u00e1gnak tartom.<\/p>\r\n<p>De az is lehet, hogy vakmer\u0151s\u00e9g.\u00a0<\/p>\r\n<p>B\u00e1tors\u00e1g kell ahhoz, hogy olyanra sz\u00e1njam el magam, amit m\u00e9g sosem tettem. B\u00e1tran \u00e9lni, arccal a probl\u00e9mamegold\u00e1sok fel\u00e9 fordulva, bele a nagyvil\u00e1gba. Azt hiszem, aki \u00edgy tud \u00e9lni, az t\u00f6bbet \u00e9l.\u00a0 Nem id\u0151ben, hanem min\u0151s\u00e9gben. Az ilyen biztons\u00e1gi j\u00e1t\u00e9kosnak, mint amilyen \u00e9n vagyok, nehezen elk\u00e9pzelhet\u0151, hogy \u00edgy is lehet.\u00a0<\/p>\r\n<p>A hat\u00e1rok feszeget\u00e9s\u00e9t, a b\u00e1tors\u00e1gpr\u00f3b\u00e1kat a \"belev\u00e1gok \u00e9s mostant\u00f3l b\u00e1trabban \u00e9lek\" elhat\u00e1roz\u00e1som inspir\u00e1lja \u00e9s mindig \u00f3ri\u00e1si dolog, ha nem csak belev\u00e1gok, hanem v\u00e9gig is csin\u00e1lom.<\/p>\r\n<p>Na, ez a ritka.\u00a0<\/p>\r\n<p>Valahol olvastam, hogy az ember a szem\u00e9lyis\u00e9g\u00e9b\u0151l nem tud kigy\u00f3gyulni. Egyet\u00e9rtek.<\/p>\r\n<p>&nbsp;<\/p>","type":"rich"}